{"id":2017,"date":"2025-03-27T13:23:12","date_gmt":"2025-03-27T12:23:12","guid":{"rendered":"https:\/\/www.alta-rocca-tourisme.com\/?page_id=2017"},"modified":"2025-04-25T11:42:22","modified_gmt":"2025-04-25T09:42:22","slug":"umgebung","status":"publish","type":"page","link":"https:\/\/www.alta-rocca-tourisme.com\/de\/alentours\/","title":{"rendered":"Die Umgebung"},"content":{"rendered":"\t\t<div data-elementor-type=\"wp-page\" data-elementor-id=\"2017\" class=\"elementor elementor-2017\" data-elementor-post-type=\"page\">\n\t\t\t\t<div class=\"elementor-element elementor-element-8df813f e-con-full e-flex e-con e-parent\" data-id=\"8df813f\" data-element_type=\"container\" data-e-type=\"container\">\n\t\t<div class=\"elementor-element elementor-element-345e092 e-con-full e-flex e-con e-child\" data-id=\"345e092\" data-element_type=\"container\" data-e-type=\"container\" data-settings=\"{&quot;background_background&quot;:&quot;classic&quot;}\">\n\t\t\t\t<div class=\"elementor-element elementor-element-2230f33 elementor-toc--minimized-on-mobile elementor-widget__width-initial elementor-hidden-tablet elementor-hidden-mobile elementor-widget elementor-widget-table-of-contents\" data-id=\"2230f33\" data-element_type=\"widget\" data-e-type=\"widget\" data-settings=\"{&quot;headings_by_tags&quot;:[&quot;h2&quot;],&quot;exclude_headings_by_selector&quot;:&quot;#header&quot;,&quot;marker_view&quot;:&quot;bullets&quot;,&quot;icon&quot;:{&quot;value&quot;:&quot;fas fa-chevron-right&quot;,&quot;library&quot;:&quot;fa-solid&quot;},&quot;no_headings_message&quot;:&quot;Aucun titre n\\u2019a \\u00e9t\\u00e9 trouv\\u00e9 sur cette page.&quot;,&quot;minimized_on&quot;:&quot;mobile&quot;,&quot;sticky&quot;:&quot;top&quot;,&quot;min_height&quot;:{&quot;unit&quot;:&quot;px&quot;,&quot;size&quot;:0,&quot;sizes&quot;:[]},&quot;minimize_box&quot;:&quot;yes&quot;,&quot;hierarchical_view&quot;:&quot;yes&quot;,&quot;min_height_laptop&quot;:{&quot;unit&quot;:&quot;px&quot;,&quot;size&quot;:&quot;&quot;,&quot;sizes&quot;:[]},&quot;min_height_tablet&quot;:{&quot;unit&quot;:&quot;px&quot;,&quot;size&quot;:&quot;&quot;,&quot;sizes&quot;:[]},&quot;min_height_mobile&quot;:{&quot;unit&quot;:&quot;px&quot;,&quot;size&quot;:&quot;&quot;,&quot;sizes&quot;:[]},&quot;sticky_on&quot;:[&quot;desktop&quot;,&quot;laptop&quot;,&quot;tablet&quot;,&quot;mobile&quot;],&quot;sticky_offset&quot;:0,&quot;sticky_effects_offset&quot;:0,&quot;sticky_anchor_link_offset&quot;:0}\" data-widget_type=\"table-of-contents.default\">\n\t\t\t\t<div class=\"elementor-widget-container\">\n\t\t\t\t\t\t\t\t\t<div class=\"elementor-toc__header\">\n\t\t\t\t\t\t<h4 class=\"elementor-toc__header-title\">\n\t\t\t\tAu sommaire\t\t\t<\/h4>\n\t\t\t\t\t\t\t\t\t\t<div class=\"elementor-toc__toggle-button elementor-toc__toggle-button--expand\" role=\"button\" tabindex=\"0\" aria-controls=\"elementor-toc__2230f33\" aria-expanded=\"true\" aria-label=\"Ouvrir la table des mati\u00e8res\"><i aria-hidden=\"true\" class=\"fas fa-chevron-down\"><\/i><\/div>\n\t\t\t\t<div class=\"elementor-toc__toggle-button elementor-toc__toggle-button--collapse\" role=\"button\" tabindex=\"0\" aria-controls=\"elementor-toc__2230f33\" aria-expanded=\"true\" aria-label=\"Fermer la table des mati\u00e8res\"><i aria-hidden=\"true\" class=\"fas fa-chevron-up\"><\/i><\/div>\n\t\t\t\t\t<\/div>\n\t\t\t\t<div id=\"elementor-toc__2230f33\" class=\"elementor-toc__body\">\n\t\t\t<div class=\"elementor-toc__spinner-container\">\n\t\t\t\t<i class=\"elementor-toc__spinner eicon-animation-spin eicon-loading\" aria-hidden=\"true\"><\/i>\t\t\t<\/div>\n\t\t<\/div>\n\t\t\t\t\t\t<\/div>\n\t\t\t\t<\/div>\n\t\t\t\t<\/div>\n\t\t<div class=\"elementor-element elementor-element-9aad511 e-con-full e-flex e-con e-child\" data-id=\"9aad511\" data-element_type=\"container\" data-e-type=\"container\">\n\t\t\t\t<div class=\"elementor-element elementor-element-46121c1 elementor-widget elementor-widget-heading\" data-id=\"46121c1\" data-element_type=\"widget\" data-e-type=\"widget\" data-widget_type=\"heading.default\">\n\t\t\t\t<div class=\"elementor-widget-container\">\n\t\t\t\t\t<h1 class=\"elementor-heading-title elementor-size-default\">Les alentours<\/h1>\t\t\t\t<\/div>\n\t\t\t\t<\/div>\n\t\t\t\t<div class=\"elementor-element elementor-element-b3fad07 elementor-widget-divider--view-line elementor-widget elementor-widget-divider\" data-id=\"b3fad07\" data-element_type=\"widget\" data-e-type=\"widget\" data-widget_type=\"divider.default\">\n\t\t\t\t<div class=\"elementor-widget-container\">\n\t\t\t\t\t\t\t<div class=\"elementor-divider\">\n\t\t\t<span class=\"elementor-divider-separator\">\n\t\t\t\t\t\t<\/span>\n\t\t<\/div>\n\t\t\t\t\t\t<\/div>\n\t\t\t\t<\/div>\n\t\t\t\t<div class=\"elementor-element elementor-element-8e61d98 elementor-widget elementor-widget-heading\" data-id=\"8e61d98\" data-element_type=\"widget\" data-e-type=\"widget\" data-widget_type=\"heading.default\">\n\t\t\t\t<div class=\"elementor-widget-container\">\n\t\t\t\t\t<h2 class=\"elementor-heading-title elementor-size-default\">Porto-Vecchio<\/h2>\t\t\t\t<\/div>\n\t\t\t\t<\/div>\n\t\t\t\t<div class=\"elementor-element elementor-element-4e53310 elementor-widget elementor-widget-text-editor\" data-id=\"4e53310\" data-element_type=\"widget\" data-e-type=\"widget\" data-widget_type=\"text-editor.default\">\n\t\t\t\t<div class=\"elementor-widget-container\">\n\t\t\t\t\t\t\t\t\t<p class=\"\" data-start=\"212\" data-end=\"582\">Au sud-est, &#8220;<strong data-start=\"224\" data-end=\"239\"><a href=\"https:\/\/www.portovecchio-tourisme.corsica\/\">Portivechju<\/a>&#8220;<\/strong>, joyau de l\u2019Extr\u00eame Sud, entre mer turquoise et montagnes abruptes. Perch\u00e9e sur son promontoire rocheux, la vieille ville veille sur le golfe, l\u00e0 o\u00f9 la mer tyrrh\u00e9nienne clapote en douceur. Les anciens l\u2019appelaient <em data-start=\"455\" data-end=\"475\">Portus Syracusanus<\/em> \u2014 un nom aux sonorit\u00e9s grecques qui rappelle les origines lointaines de ce port \u00e0 l\u2019histoire bien vivante.<\/p><p class=\"\" data-start=\"584\" data-end=\"800\">Grimpez jusqu\u2019\u00e0 la terrasse du Bastion de France, vestige de la citadelle g\u00e9noise : l\u00e0-haut, le panorama parle de lui-m\u00eame. La ville s\u2019offre \u00e0 vous, et chaque coin de rue, chaque d\u00e9tail, semble raconter une histoire.<\/p><p class=\"\" data-start=\"802\" data-end=\"1177\">Le vieux port s\u2019\u00e9tire en contrebas. Autrefois industriel, aujourd\u2019hui paisible, il garde les traces d\u2019un pass\u00e9 intense. Et en longeant la c\u00f4te, ce sont les <strong data-start=\"974\" data-end=\"1001\">plages mythiques du Sud<\/strong> qui vous attendent : sable blanc, eaux cristallines, roches sculpt\u00e9es, maquis parfum\u00e9, pins parasols, sports nautiques ou simple farniente\u2026 o\u00f9 tout se conjugue au paradis.<\/p><p class=\"\" data-start=\"1179\" data-end=\"1556\">Et si vous pensiez que Porto-Vecchio, c\u2019\u00e9tait \u00ab seulement \u00bb la mer\u2026 retournez-vous. L\u00e0, juste derri\u00e8re, <strong data-start=\"1285\" data-end=\"1298\">U Spidali<\/strong> s\u2019\u00e9l\u00e8ve, paisible village montagnard, sur les hauteurs de la commune. Son sommet ? La<strong data-start=\"1382\" data-end=\"1411\"> Punta di a Vacca Morta<\/strong>, 1 314 m\u00e8tres d\u2019altitude et des panoramas \u00e0 couper le souffle. Randos, barrage, for\u00eats, nature brute\u2026 l\u2019appel de l&#8217;<strong>Alta Rocca<\/strong> n\u2019est jamais loin.<\/p>\t\t\t\t\t\t\t\t<\/div>\n\t\t\t\t<\/div>\n\t\t\t\t<\/div>\n\t\t\t\t<\/div>\n\t\t<div class=\"elementor-element elementor-element-45a2a4b e-con-full e-flex e-con e-parent\" data-id=\"45a2a4b\" data-element_type=\"container\" data-e-type=\"container\" data-settings=\"{&quot;motion_fx_motion_fx_scrolling&quot;:&quot;yes&quot;,&quot;motion_fx_devices&quot;:[&quot;desktop&quot;,&quot;laptop&quot;,&quot;tablet&quot;,&quot;mobile&quot;]}\">\n\t\t<div class=\"elementor-element elementor-element-d651ec0 e-con-full e-flex e-con e-child\" data-id=\"d651ec0\" data-element_type=\"container\" data-e-type=\"container\" data-settings=\"{&quot;background_background&quot;:&quot;classic&quot;}\">\n\t\t\t\t<\/div>\n\t\t<div class=\"elementor-element elementor-element-78f32fd e-con-full e-flex e-con e-child\" data-id=\"78f32fd\" data-element_type=\"container\" data-e-type=\"container\">\n\t\t\t\t<div class=\"elementor-element elementor-element-449b326 elementor-widget-divider--view-line elementor-widget elementor-widget-divider\" data-id=\"449b326\" data-element_type=\"widget\" data-e-type=\"widget\" data-widget_type=\"divider.default\">\n\t\t\t\t<div class=\"elementor-widget-container\">\n\t\t\t\t\t\t\t<div class=\"elementor-divider\">\n\t\t\t<span class=\"elementor-divider-separator\">\n\t\t\t\t\t\t<\/span>\n\t\t<\/div>\n\t\t\t\t\t\t<\/div>\n\t\t\t\t<\/div>\n\t\t\t\t<div class=\"elementor-element elementor-element-4021917 elementor-widget elementor-widget-heading\" data-id=\"4021917\" data-element_type=\"widget\" data-e-type=\"widget\" data-widget_type=\"heading.default\">\n\t\t\t\t<div class=\"elementor-widget-container\">\n\t\t\t\t\t<h2 class=\"elementor-heading-title elementor-size-default\">Bonifacio<\/h2>\t\t\t\t<\/div>\n\t\t\t\t<\/div>\n\t\t\t\t<div class=\"elementor-element elementor-element-885345e elementor-widget elementor-widget-text-editor\" data-id=\"885345e\" data-element_type=\"widget\" data-e-type=\"widget\" data-widget_type=\"text-editor.default\">\n\t\t\t\t<div class=\"elementor-widget-container\">\n\t\t\t\t\t\t\t\t\t<p class=\"\" data-start=\"190\" data-end=\"474\">Impossible de rester indiff\u00e9rent \u00e0 <a href=\"https:\/\/bonifacio.fr\/\"><strong data-start=\"225\" data-end=\"238\">Bonifacio<\/strong><\/a>, perch\u00e9e \u00e0 l&#8217;extr\u00eame-sud de la Corse, comme un mirage de pierre veill\u00e9 par les flots turquoise. Entour\u00e9e d\u2019eau et sculpt\u00e9e par le vent, la ville s\u2019avance sur son promontoire calcaire, face \u00e0 la Sardaigne, comme une sentinelle intemporelle.<\/p><p class=\"\" data-start=\"476\" data-end=\"663\">La citadelle, b\u00e2tie au sommet de falaises vertigineuses, domine les <strong data-start=\"544\" data-end=\"568\">Bouches de Bonifacio<\/strong>. Ici, la mer trace une fronti\u00e8re entre deux mondes, mais la ville, elle, semble hors du temps.<\/p><p class=\"\" data-start=\"665\" data-end=\"921\">Son histoire remonte au N\u00e9olithique, et chaque recoin porte les traces des \u00e9v\u00e8nements qui ont suivi. Architecture m\u00e9di\u00e9vale, \u00e9glises, fortifications, ruelles \u00e9troites\u2026 Bonifacio est un livre de pierre, ouvert sur des si\u00e8cles d\u2019aventures maritimes, de conqu\u00eates et de spiritualit\u00e9.<\/p><p class=\"\" data-start=\"923\" data-end=\"1253\">Mais Bonifacio, ce n\u2019est pas qu\u2019un d\u00e9cor de carte postale. C\u2019est une ambiance. Un souffle. Une vie locale authentique, entre <strong data-start=\"1048\" data-end=\"1061\">artisanat<\/strong>, <strong data-start=\"1063\" data-end=\"1073\">gastronomie<\/strong>, et <strong data-start=\"1078\" data-end=\"1092\">port anim\u00e9<\/strong>. En fl\u00e2nant dans ses ruelles, en contemplant ses criques cach\u00e9es, ou en prenant le large depuis la marina, vous vivez une Corse intense, lumineuse, inoubliable.<\/p>\t\t\t\t\t\t\t\t<\/div>\n\t\t\t\t<\/div>\n\t\t\t\t<\/div>\n\t\t\t\t<\/div>\n\t\t<div class=\"elementor-element elementor-element-16b62d4 e-con-full e-flex e-con e-parent\" data-id=\"16b62d4\" data-element_type=\"container\" data-e-type=\"container\" data-settings=\"{&quot;background_background&quot;:&quot;classic&quot;}\">\n\t\t<div class=\"elementor-element elementor-element-379ab9b e-con-full e-flex e-con e-child\" data-id=\"379ab9b\" data-element_type=\"container\" data-e-type=\"container\" data-settings=\"{&quot;background_background&quot;:&quot;classic&quot;}\">\n\t\t\t\t<\/div>\n\t\t<div class=\"elementor-element elementor-element-f7942da e-con-full e-flex e-con e-child\" data-id=\"f7942da\" data-element_type=\"container\" data-e-type=\"container\">\n\t\t\t\t<div class=\"elementor-element elementor-element-962ecda elementor-widget-divider--view-line elementor-widget elementor-widget-divider\" data-id=\"962ecda\" data-element_type=\"widget\" data-e-type=\"widget\" data-widget_type=\"divider.default\">\n\t\t\t\t<div class=\"elementor-widget-container\">\n\t\t\t\t\t\t\t<div class=\"elementor-divider\">\n\t\t\t<span class=\"elementor-divider-separator\">\n\t\t\t\t\t\t<\/span>\n\t\t<\/div>\n\t\t\t\t\t\t<\/div>\n\t\t\t\t<\/div>\n\t\t\t\t<div class=\"elementor-element elementor-element-a12d7d0 elementor-widget elementor-widget-heading\" data-id=\"a12d7d0\" data-element_type=\"widget\" data-e-type=\"widget\" data-widget_type=\"heading.default\">\n\t\t\t\t<div class=\"elementor-widget-container\">\n\t\t\t\t\t<h2 class=\"elementor-heading-title elementor-size-default\">Sart\u00e8ne<\/h2>\t\t\t\t<\/div>\n\t\t\t\t<\/div>\n\t\t\t\t<div class=\"elementor-element elementor-element-c137e5e elementor-widget elementor-widget-text-editor\" data-id=\"c137e5e\" data-element_type=\"widget\" data-e-type=\"widget\" data-widget_type=\"text-editor.default\">\n\t\t\t\t<div class=\"elementor-widget-container\">\n\t\t\t\t\t\t\t\t\t<p class=\"\" data-start=\"268\" data-end=\"726\">Nich\u00e9e au c\u0153ur du sud de l\u2019\u00cele, <a href=\"https:\/\/lacorsedesorigines.com\/\"><strong data-start=\"293\" data-end=\"304\">Sart\u00e8ne<\/strong><\/a> est un v\u00e9ritable concentr\u00e9 de l&#8217;\u00e2me insulaire. Certains disent &#8220;la plus Corse des villes Corse&#8221;. La mer s&#8217;\u00e9tale au loin, et depuis ses hauteurs, la ville offre un panorama majestueux sur le <strong data-start=\"483\" data-end=\"503\">golfe du Valinco<\/strong>, avec en toile de fond les montagnes qui encadrent l\u2019horizon. Ici, tout est empreint de caract\u00e8re, des <strong data-start=\"607\" data-end=\"625\">ruelles pav\u00e9es<\/strong> aux places anim\u00e9es, o\u00f9 la vie quotidienne s\u2019imbrique harmonieusement avec les traditions s\u00e9culaires.<\/p><p class=\"\" data-start=\"728\" data-end=\"1128\">Au c\u0153ur de Sart\u00e8ne, laissez-vous s\u00e9duire par la beaut\u00e9 de l\u2019<strong data-start=\"788\" data-end=\"818\">\u00e9glise Santa Maria Assunta<\/strong>, l\u2019<strong data-start=\"822\" data-end=\"862\">ancien palais des gouverneurs g\u00e9nois<\/strong>, aujourd&#8217;hui la mairie, et l\u2019<strong data-start=\"892\" data-end=\"907\">\u00e9chauguette<\/strong>, dernier vestige d&#8217;un rempart m\u00e9di\u00e9val. Fl\u00e2nez sur la place de la Lib\u00e9ration, ou &#8220;place Porta&#8221;, v\u00e9ritable point de ralliement des habitants, et ressentez la chaleur de cette ville.<\/p><p class=\"\" data-start=\"1130\" data-end=\"1640\">Sart\u00e8ne, c\u2019est aussi un lieu o\u00f9 les <strong data-start=\"1237\" data-end=\"1260\">traditions vivantes<\/strong> prennent toute leur place. L\u2019\u00e9v\u00e9nement phare, le <strong data-start=\"1310\" data-end=\"1324\">Catenacciu<\/strong>, vous plonge dans la ferveur religieuse du chemin de Croix du Christ, aux c\u00f4t\u00e9s de p\u00e8lerins venus des quatre coins du monde. D\u00e8s l\u2019arriv\u00e9e du printemps, la ville s\u2019\u00e9veille : chants et ch\u0153urs dans les \u00e9glises, march\u00e9s anim\u00e9s et nuits de f\u00eate qui illuminent la ville jusque tard dans l&#8217;\u00e9t\u00e9.<\/p>\t\t\t\t\t\t\t\t<\/div>\n\t\t\t\t<\/div>\n\t\t\t\t<\/div>\n\t\t\t\t<\/div>\n\t\t<div class=\"elementor-element elementor-element-0242bd4 e-con-full e-flex e-con e-parent\" data-id=\"0242bd4\" data-element_type=\"container\" data-e-type=\"container\">\n\t\t<div class=\"elementor-element elementor-element-9fc46f3 e-con-full e-flex e-con e-child\" data-id=\"9fc46f3\" data-element_type=\"container\" data-e-type=\"container\" data-settings=\"{&quot;background_background&quot;:&quot;classic&quot;}\">\n\t\t\t\t<\/div>\n\t\t<div class=\"elementor-element elementor-element-b6d3ac5 e-con-full e-flex e-con e-child\" data-id=\"b6d3ac5\" data-element_type=\"container\" data-e-type=\"container\">\n\t\t\t\t<div class=\"elementor-element elementor-element-270ace3 elementor-widget-divider--view-line elementor-widget elementor-widget-divider\" data-id=\"270ace3\" data-element_type=\"widget\" data-e-type=\"widget\" data-widget_type=\"divider.default\">\n\t\t\t\t<div class=\"elementor-widget-container\">\n\t\t\t\t\t\t\t<div class=\"elementor-divider\">\n\t\t\t<span class=\"elementor-divider-separator\">\n\t\t\t\t\t\t<\/span>\n\t\t<\/div>\n\t\t\t\t\t\t<\/div>\n\t\t\t\t<\/div>\n\t\t\t\t<div class=\"elementor-element elementor-element-9af2d8e elementor-widget elementor-widget-heading\" data-id=\"9af2d8e\" data-element_type=\"widget\" data-e-type=\"widget\" data-widget_type=\"heading.default\">\n\t\t\t\t<div class=\"elementor-widget-container\">\n\t\t\t\t\t<h2 class=\"elementor-heading-title elementor-size-default\">Le lion de Roccapina<\/h2>\t\t\t\t<\/div>\n\t\t\t\t<\/div>\n\t\t\t\t<div class=\"elementor-element elementor-element-c5176f2 elementor-widget elementor-widget-text-editor\" data-id=\"c5176f2\" data-element_type=\"widget\" data-e-type=\"widget\" data-widget_type=\"text-editor.default\">\n\t\t\t\t<div class=\"elementor-widget-container\">\n\t\t\t\t\t\t\t\t\t<p class=\"\" data-start=\"265\" data-end=\"702\">Au sud-ouest de l\u2019\u00eele, entre <strong data-start=\"733\" data-end=\"745\">Senetosa<\/strong> et <strong data-start=\"749\" data-end=\"762\">Bonifacio,<\/strong> le <strong data-start=\"268\" data-end=\"289\">Lion de Roccapina<\/strong> surveille la baie du m\u00eame nom, tel une <strong data-start=\"317\" data-end=\"340\">sentinelle <\/strong>imposante, dominant la tour g\u00e9noise voisine. Sculpt\u00e9 par le vent, les embruns et les pluies qui ont fa\u00e7onn\u00e9 le granit rose, ce chef-d&#8217;\u0153uvre naturel est l\u2019un des nombreux <strong data-start=\"501\" data-end=\"522\">monuments vivants<\/strong> que l\u2019on trouve le long du littoral corse. Chaque \u00e9l\u00e9ment du paysage semble s&#8217;unir pour cr\u00e9er\u00a0un tableau naturel \u00e0 couper le souffle.<\/p><p class=\"\" data-start=\"1195\" data-end=\"1657\">La l\u00e9gende raconte qu\u2019au temps des Sarrasins, un seigneur au courage l\u00e9gendaire vivait dans la r\u00e9gion. Les barbaresques l\u2019avaient surnomm\u00e9 le <strong data-start=\"1337\" data-end=\"1358\">Lion de Roccapina<\/strong>. Un jour, alors qu\u2019il chassait, il rencontra une jeune femme, belle et \u00e9nigmatique, dont il tomba \u00e9perdument amoureux. Mais il ne pouvait l\u2019\u00e9pouser. D\u00e9sesp\u00e9r\u00e9, il invoqua la mort et, dans sa douleur, fut p\u00e9trifi\u00e9 sous l\u2019apparence du lion, o\u00f9 il garde la baie \u00e0 jamais, tel un protecteur silencieux.<\/p><p class=\"\" data-start=\"1659\" data-end=\"1811\">Un lieu mythique, au tournant d&#8217;une route somptueuse, o\u00f9 <strong data-start=\"1696\" data-end=\"1706\">nature<\/strong> et <strong data-start=\"1710\" data-end=\"1721\">l\u00e9gende<\/strong> se m\u00ealent.<\/p>\t\t\t\t\t\t\t\t<\/div>\n\t\t\t\t<\/div>\n\t\t\t\t<\/div>\n\t\t\t\t<\/div>\n\t\t<div class=\"elementor-element elementor-element-9f16a63 e-flex e-con-boxed e-con e-parent\" data-id=\"9f16a63\" data-element_type=\"container\" data-e-type=\"container\">\n\t\t\t\t\t<div class=\"e-con-inner\">\n\t\t<div class=\"elementor-element elementor-element-4953bda e-con-full e-flex e-con e-child\" data-id=\"4953bda\" data-element_type=\"container\" data-e-type=\"container\" data-settings=\"{&quot;background_background&quot;:&quot;classic&quot;}\">\n\t\t\t\t<\/div>\n\t\t<div class=\"elementor-element elementor-element-14b4854 e-con-full e-flex e-con e-child\" data-id=\"14b4854\" data-element_type=\"container\" data-e-type=\"container\">\n\t\t\t\t<div class=\"elementor-element elementor-element-d145002 elementor-widget-divider--view-line elementor-widget elementor-widget-divider\" data-id=\"d145002\" data-element_type=\"widget\" data-e-type=\"widget\" data-widget_type=\"divider.default\">\n\t\t\t\t<div class=\"elementor-widget-container\">\n\t\t\t\t\t\t\t<div class=\"elementor-divider\">\n\t\t\t<span class=\"elementor-divider-separator\">\n\t\t\t\t\t\t<\/span>\n\t\t<\/div>\n\t\t\t\t\t\t<\/div>\n\t\t\t\t<\/div>\n\t\t\t\t<div class=\"elementor-element elementor-element-519db55 elementor-widget elementor-widget-heading\" data-id=\"519db55\" data-element_type=\"widget\" data-e-type=\"widget\" data-widget_type=\"heading.default\">\n\t\t\t\t<div class=\"elementor-widget-container\">\n\t\t\t\t\t<h2 class=\"elementor-heading-title elementor-size-default\">Campomoro<\/h2>\t\t\t\t<\/div>\n\t\t\t\t<\/div>\n\t\t\t\t<div class=\"elementor-element elementor-element-42a34b8 elementor-widget elementor-widget-text-editor\" data-id=\"42a34b8\" data-element_type=\"widget\" data-e-type=\"widget\" data-widget_type=\"text-editor.default\">\n\t\t\t\t<div class=\"elementor-widget-container\">\n\t\t\t\t\t\t\t\t\t<p class=\"\" data-start=\"178\" data-end=\"596\">La<strong data-start=\"178\" data-end=\"202\"> Tour de Campomoro<\/strong> se dresse fi\u00e8rement sur la c\u00f4te ouest, imposante et majestueuse, comme un vestige vivant du pass\u00e9. \u00c9difi\u00e9e au XVIe si\u00e8cle par les G\u00e9nois, c\u2019est la plus grande des <strong data-start=\"360\" data-end=\"378\">tours g\u00e9noises<\/strong> de Corse, culminant \u00e0 <strong data-start=\"401\" data-end=\"425\">15 m\u00e8tres de hauteur<\/strong>. Ce qui la rend unique, c\u2019est sa fortification en <strong data-start=\"476\" data-end=\"486\">\u00e9toile<\/strong>, un design d\u00e9fensif rare et impressionnant qui t\u00e9moigne de son r\u00f4le strat\u00e9gique face aux menaces de l\u2019\u00e9poque.<\/p><p class=\"\" data-start=\"598\" data-end=\"731\">R\u00e9cemment restaur\u00e9e en 1986, la tour appartient d\u00e9sormais au <strong data-start=\"659\" data-end=\"688\">Conservatoire du Littoral<\/strong>, et fait partie des incontournables de la r\u00e9gion.<\/p><p class=\"\" data-start=\"777\" data-end=\"1186\">Au <strong data-start=\"780\" data-end=\"797\">premier \u00e9tage<\/strong>, une exposition permanente vous plonge dans l\u2019histoire fascinante des <strong data-start=\"868\" data-end=\"886\">tours g\u00e9noises<\/strong> et vous raconte les attaques des <strong data-start=\"920\" data-end=\"936\">Barbaresques<\/strong> qui ont marqu\u00e9 l\u2019histoire de l\u2019\u00eele.\u00a0<\/p><p data-start=\"1331\" data-end=\"1624\">Avant d&#8217;arriver au pied de la tour, d\u00e9couvrez le sublime <strong>plage de sable blanc<\/strong> du m\u00eame nom, id\u00e9ale pour les familles.<\/p><p class=\"\" data-start=\"1331\" data-end=\"1624\">Partez \u00e0 la d\u00e9couverte du <strong data-start=\"1473\" data-end=\"1498\">sentier des douaniers<\/strong>, et ne manquez pas l\u2019insolite h\u00e9bergement du<a href=\"https:\/\/www.campumoru-senetosa.corsica\/\"><strong data-start=\"1520\" data-end=\"1565\"> Phare de Senetosa<\/strong><\/a>, parfait pour un moment de tranquillit\u00e9 et de d\u00e9connexion.<\/p>\t\t\t\t\t\t\t\t<\/div>\n\t\t\t\t<\/div>\n\t\t\t\t<\/div>\n\t\t\t\t\t<\/div>\n\t\t\t\t<\/div>\n\t\t<div class=\"elementor-element elementor-element-efb9015 e-flex e-con-boxed e-con e-parent\" data-id=\"efb9015\" data-element_type=\"container\" data-e-type=\"container\">\n\t\t\t\t\t<div class=\"e-con-inner\">\n\t\t<div class=\"elementor-element elementor-element-73a170d e-con-full e-flex e-con e-child\" data-id=\"73a170d\" data-element_type=\"container\" data-e-type=\"container\" data-settings=\"{&quot;background_background&quot;:&quot;classic&quot;}\">\n\t\t\t\t<\/div>\n\t\t<div class=\"elementor-element elementor-element-5e2f598 e-con-full e-flex e-con e-child\" data-id=\"5e2f598\" data-element_type=\"container\" data-e-type=\"container\">\n\t\t\t\t<div class=\"elementor-element elementor-element-50c1331 elementor-widget-divider--view-line elementor-widget elementor-widget-divider\" data-id=\"50c1331\" data-element_type=\"widget\" data-e-type=\"widget\" data-widget_type=\"divider.default\">\n\t\t\t\t<div class=\"elementor-widget-container\">\n\t\t\t\t\t\t\t<div class=\"elementor-divider\">\n\t\t\t<span class=\"elementor-divider-separator\">\n\t\t\t\t\t\t<\/span>\n\t\t<\/div>\n\t\t\t\t\t\t<\/div>\n\t\t\t\t<\/div>\n\t\t\t\t<div class=\"elementor-element elementor-element-6f9193d elementor-widget elementor-widget-heading\" data-id=\"6f9193d\" data-element_type=\"widget\" data-e-type=\"widget\" data-widget_type=\"heading.default\">\n\t\t\t\t<div class=\"elementor-widget-container\">\n\t\t\t\t\t<h2 class=\"elementor-heading-title elementor-size-default\">Ghisonaccia<\/h2>\t\t\t\t<\/div>\n\t\t\t\t<\/div>\n\t\t\t\t<div class=\"elementor-element elementor-element-cf84c07 elementor-widget elementor-widget-text-editor\" data-id=\"cf84c07\" data-element_type=\"widget\" data-e-type=\"widget\" data-widget_type=\"text-editor.default\">\n\t\t\t\t<div class=\"elementor-widget-container\">\n\t\t\t\t\t\t\t\t\t<p class=\"\" data-start=\"361\" data-end=\"708\">Autrefois simple \u00e9tape sur les chemins de transhumance des bergers de Ghisoni, <a href=\"https:\/\/www.corseorientale.com\/\"><strong>Ghisonaccia<\/strong> <\/a>s\u2019est m\u00e9tamorphos\u00e9e au fil des d\u00e9cennies. Avec l\u2019essor de l\u2019agriculture dans les ann\u00e9es 60, la <strong>plaine fertile<\/strong> s\u2019est \u00e9veill\u00e9e, et la petite bourgade est devenue une ville \u00e0 part enti\u00e8re, <strong>dynamique et prosp\u00e8re<\/strong>, qui compte aujourd\u2019hui plus de 4 000 habitants.<\/p><p class=\"\" data-start=\"710\" data-end=\"1069\">Ainsi, au c\u0153ur de la <strong>plaine orientale<\/strong>, la nature g\u00e9n\u00e9reuse rencontre le quotidien paisible. La commune s\u2019\u00e9tend avec <strong>discr\u00e9tion<\/strong>,\u00a0et offre \u00e0 ses habitants comme \u00e0 ses visiteurs tous les services d\u2019une ville moderne, sans rien renier de son <strong>ancrage rural<\/strong>.<\/p><p class=\"\" data-start=\"902\" data-end=\"1288\">Ghisonaccia, c\u2019est aussi une <strong>porte d\u2019entr\u00e9e<\/strong> vers des paysages contrast\u00e9s : <strong>lagunes<\/strong> sauvages du domaine de Pinia, <strong>\u00e9tangs<\/strong> peupl\u00e9s d\u2019oiseaux migrateurs, longues <strong>plages<\/strong> de sable blond, et, un peu plus haut, les <strong>villages accroch\u00e9s<\/strong> \u00e0 la montagne. \u00c0 quelques kilom\u00e8tres, les <strong>for\u00eats<\/strong> d\u2019eucalyptus rencontrent les <strong>vignes<\/strong>, les <strong>vergers<\/strong>, les <strong>oliveraies<\/strong>, dans une mosa\u00efque de senteurs et de couleurs.<\/p><p class=\"\" data-start=\"1290\" data-end=\"1620\">Et lorsque viennent les beaux jours, la commune s\u2019anime au rythme des <strong>march\u00e9s locaux<\/strong>, des f\u00eates villageoises et des soir\u00e9es d\u2019\u00e9t\u00e9 o\u00f9 la musique r\u00e9sonne sous les \u00e9toiles. Les <strong>traditions<\/strong> y vivent sans ostentation, dans les gestes simples du quotidien, dans l\u2019accueil franc des habitants, dans les saveurs d\u2019une cuisine g\u00e9n\u00e9reuse.<\/p>\t\t\t\t\t\t\t\t<\/div>\n\t\t\t\t<\/div>\n\t\t\t\t<\/div>\n\t\t\t\t\t<\/div>\n\t\t\t\t<\/div>\n\t\t<div class=\"elementor-element elementor-element-ac9f96a e-flex e-con-boxed e-con e-parent\" data-id=\"ac9f96a\" data-element_type=\"container\" data-e-type=\"container\">\n\t\t\t\t\t<div class=\"e-con-inner\">\n\t\t<div class=\"elementor-element elementor-element-476a102 e-con-full e-flex e-con e-child\" data-id=\"476a102\" data-element_type=\"container\" data-e-type=\"container\" data-settings=\"{&quot;background_background&quot;:&quot;classic&quot;}\">\n\t\t\t\t<\/div>\n\t\t<div class=\"elementor-element elementor-element-59865f6 e-con-full e-flex e-con e-child\" data-id=\"59865f6\" data-element_type=\"container\" data-e-type=\"container\">\n\t\t\t\t<div class=\"elementor-element elementor-element-5589d89 elementor-widget-divider--view-line elementor-widget elementor-widget-divider\" data-id=\"5589d89\" data-element_type=\"widget\" data-e-type=\"widget\" data-widget_type=\"divider.default\">\n\t\t\t\t<div class=\"elementor-widget-container\">\n\t\t\t\t\t\t\t<div class=\"elementor-divider\">\n\t\t\t<span class=\"elementor-divider-separator\">\n\t\t\t\t\t\t<\/span>\n\t\t<\/div>\n\t\t\t\t\t\t<\/div>\n\t\t\t\t<\/div>\n\t\t\t\t<div class=\"elementor-element elementor-element-031e023 elementor-widget elementor-widget-heading\" data-id=\"031e023\" data-element_type=\"widget\" data-e-type=\"widget\" data-widget_type=\"heading.default\">\n\t\t\t\t<div class=\"elementor-widget-container\">\n\t\t\t\t\t<h2 class=\"elementor-heading-title elementor-size-default\">L'\u00e9tang de Palu<\/h2>\t\t\t\t<\/div>\n\t\t\t\t<\/div>\n\t\t\t\t<div class=\"elementor-element elementor-element-435fdfc elementor-widget elementor-widget-text-editor\" data-id=\"435fdfc\" data-element_type=\"widget\" data-e-type=\"widget\" data-widget_type=\"text-editor.default\">\n\t\t\t\t<div class=\"elementor-widget-container\">\n\t\t\t\t\t\t\t\t\t<p class=\"\" data-start=\"133\" data-end=\"412\">\u00c0 l\u2019est, entre <strong data-start=\"148\" data-end=\"161\">Ventiseri<\/strong> et <strong data-start=\"165\" data-end=\"186\">Serra-di-Fiumorbu<\/strong>, <strong data-start=\"188\" data-end=\"207\">l\u2019<a href=\"https:\/\/www.corseorientale.com\/Decouvrir\/Cote-Montagne\/Sentiers-de-randonnees\/ETANG-DE-PALU\">\u00e9tang de Palu<\/a><\/strong> s\u2019\u00e9tire paisiblement, \u00e9crin sauvage entre mer et maquis. Moins connu que ses voisins du Sud, ce site class\u00e9 <strong>Natura 2000<\/strong> d\u00e9voile, au fil d\u2019un sentier accessible, toute la richesse d\u2019un <strong>\u00e9cosyst\u00e8me pr\u00e9serv\u00e9<\/strong>.<\/p><p class=\"\" data-start=\"414\" data-end=\"694\">Depuis le parking situ\u00e9 \u00e0 l\u2019entr\u00e9e sud de Vix, un chemin m\u00e8ne \u00e0 la lagune. \u00c0 pied ou \u00e0 v\u00e9lo, la <strong>promenade<\/strong> \u2014 entre 45 minutes et 1h30 \u2014 longe les roseli\u00e8res et offre un moment suspendu. On y croise flamants roses, h\u00e9rons cendr\u00e9s, gr\u00e8bes \u00e9l\u00e9gants\u2026 Un festival d\u2019ailes et de silence.<\/p><p class=\"\" data-start=\"696\" data-end=\"971\">Prenez le temps. Jumelles en main, laissez-vous porter. Et peut-\u00eatre croiserez-vous Julien Cugurnon, <strong>p\u00eacheur<\/strong> embl\u00e9matique du site, gardien des traditions et artisan d\u2019un tr\u00e9sor rare : la <strong data-start=\"887\" data-end=\"900\">poutargue<\/strong>, ce \u00ab caviar de la M\u00e9diterran\u00e9e \u00bb tir\u00e9 des mulets d\u00e8s la fin de l\u2019\u00e9t\u00e9.<\/p><p class=\"\" data-start=\"973\" data-end=\"1170\">Le dimanche, on y vient pour souffler, <strong>en famille<\/strong> ou <strong>entre amis<\/strong>. Faire le plein de nature avant de retourner en ville. Ici, tout se conjugue au calme. Et quand le soleil d\u00e9cline, l\u2019<strong>\u00e9tang<\/strong> s\u2019embrase.<\/p>\t\t\t\t\t\t\t\t<\/div>\n\t\t\t\t<\/div>\n\t\t\t\t<\/div>\n\t\t\t\t\t<\/div>\n\t\t\t\t<\/div>\n\t\t<div class=\"elementor-element elementor-element-fef2e49 e-con-full e-flex e-con e-parent\" data-id=\"fef2e49\" data-element_type=\"container\" data-e-type=\"container\" data-settings=\"{&quot;background_background&quot;:&quot;classic&quot;}\">\n\t\t<div class=\"elementor-element elementor-element-12b8773 e-con-full e-flex e-con e-child\" data-id=\"12b8773\" data-element_type=\"container\" data-e-type=\"container\">\n\t\t\t\t<\/div>\n\t\t<div class=\"elementor-element elementor-element-0a14c7c e-con-full e-flex e-con e-child\" data-id=\"0a14c7c\" data-element_type=\"container\" data-e-type=\"container\">\n\t\t<div class=\"elementor-element elementor-element-6f9378e e-con-full e-flex e-con e-child\" data-id=\"6f9378e\" data-element_type=\"container\" data-e-type=\"container\">\n\t\t<div class=\"elementor-element elementor-element-2864800 e-con-full e-flex e-con e-child\" data-id=\"2864800\" data-element_type=\"container\" data-e-type=\"container\" data-settings=\"{&quot;background_background&quot;:&quot;classic&quot;}\">\n\t\t\t\t<div class=\"elementor-element elementor-element-c137f06 elementor-widget elementor-widget-heading\" data-id=\"c137f06\" data-element_type=\"widget\" data-e-type=\"widget\" data-widget_type=\"heading.default\">\n\t\t\t\t<div class=\"elementor-widget-container\">\n\t\t\t\t\t<h2 class=\"elementor-heading-title elementor-size-default\">Trouvez de l'information proche de vous<\/h2>\t\t\t\t<\/div>\n\t\t\t\t<\/div>\n\t\t\t\t<div class=\"elementor-element elementor-element-75811f3 elementor-widget elementor-widget-text-editor\" data-id=\"75811f3\" data-element_type=\"widget\" data-e-type=\"widget\" data-widget_type=\"text-editor.default\">\n\t\t\t\t<div class=\"elementor-widget-container\">\n\t\t\t\t\t\t\t\t\t<p>Le site de l&#8217;Agence de Tourisme de la Corse met \u00e0 disposition une carte interactive des Offices de Tourisme et points info de Corse. N&#8217;h\u00e9sitez pas \u00e0 la consulter.<\/p>\t\t\t\t\t\t\t\t<\/div>\n\t\t\t\t<\/div>\n\t\t\t\t<div class=\"elementor-element elementor-element-abaef63 elementor-view-stacked elementor-shape-circle elementor-widget elementor-widget-icon\" data-id=\"abaef63\" data-element_type=\"widget\" data-e-type=\"widget\" data-widget_type=\"icon.default\">\n\t\t\t\t<div class=\"elementor-widget-container\">\n\t\t\t\t\t\t\t<div class=\"elementor-icon-wrapper\">\n\t\t\t<a class=\"elementor-icon\" href=\"https:\/\/www.visit-corsica.com\/fr\/Preparer-mon-sejour\/Informations-touristiques\" target=\"_blank\">\n\t\t\t<i aria-hidden=\"true\" class=\"fas fa-chevron-right\"><\/i>\t\t\t<\/a>\n\t\t<\/div>\n\t\t\t\t\t\t<\/div>\n\t\t\t\t<\/div>\n\t\t\t\t<\/div>\n\t\t\t\t<\/div>\n\t\t\t\t<\/div>\n\t\t\t\t<\/div>\n\t\t\t\t<\/div>\n\t\t","protected":false},"excerpt":{"rendered":"<p>Lorem ipsum dolor sit amet, consectetur adipiscing elit. Ut non augue metus. Ut porta orci at libero eleifend, non semper odio dapibus. Donec fermentum pretium lacus non eleifend. Curabitur at tortor nec lorem egestas finibus nec eget enim. Pellentesque nibh neque, malesuada id facilisis vitae, facilisis id orci. Sed quis lacinia quam, mattis convallis elit. <\/p>","protected":false},"author":2,"featured_media":0,"parent":0,"menu_order":0,"comment_status":"closed","ping_status":"closed","template":"","meta":{"_acf_changed":false,"_seopress_robots_primary_cat":"","_seopress_titles_title":"","_seopress_titles_desc":"","_seopress_robots_index":"","footnotes":""},"class_list":["post-2017","page","type-page","status-publish","hentry"],"acf":[],"_links":{"self":[{"href":"https:\/\/www.alta-rocca-tourisme.com\/de\/wp-json\/wp\/v2\/pages\/2017","targetHints":{"allow":["GET"]}}],"collection":[{"href":"https:\/\/www.alta-rocca-tourisme.com\/de\/wp-json\/wp\/v2\/pages"}],"about":[{"href":"https:\/\/www.alta-rocca-tourisme.com\/de\/wp-json\/wp\/v2\/types\/page"}],"author":[{"embeddable":true,"href":"https:\/\/www.alta-rocca-tourisme.com\/de\/wp-json\/wp\/v2\/users\/2"}],"replies":[{"embeddable":true,"href":"https:\/\/www.alta-rocca-tourisme.com\/de\/wp-json\/wp\/v2\/comments?post=2017"}],"version-history":[{"count":10,"href":"https:\/\/www.alta-rocca-tourisme.com\/de\/wp-json\/wp\/v2\/pages\/2017\/revisions"}],"predecessor-version":[{"id":8678,"href":"https:\/\/www.alta-rocca-tourisme.com\/de\/wp-json\/wp\/v2\/pages\/2017\/revisions\/8678"}],"wp:attachment":[{"href":"https:\/\/www.alta-rocca-tourisme.com\/de\/wp-json\/wp\/v2\/media?parent=2017"}],"curies":[{"name":"wp","href":"https:\/\/api.w.org\/{rel}","templated":true}]}}